{"id":932,"date":"2016-01-12T14:23:14","date_gmt":"2016-01-12T13:23:14","guid":{"rendered":"http:\/\/langosco.it\/?page_id=932"},"modified":"2016-01-12T14:28:53","modified_gmt":"2016-01-12T13:28:53","slug":"nota-riccardo","status":"publish","type":"page","link":"https:\/\/langosco.it\/?page_id=932","title":{"rendered":"Nota: Riccardo"},"content":{"rendered":"<p><strong><a href=\"http:\/\/www.treccani.it\/enciclopedia\/riccardo-di-langosco_%28Dizionario-Biografico%29\/\" target=\"_blank\">Riccardo<\/a><\/strong> riusc\u00ec ad impossessarsi di Milano, ne fu podest\u00e0 nel 1276-78 e mor\u00ec nel 1288. Padre di <a href=\"http:\/\/langosco.it\/?page_id=200\">Filippone<\/a>.<\/p>\n<p style=\"text-align: center;\">&#8212;&#8211; <img loading=\"lazy\" decoding=\"async\" data-attachment-id=\"69\" data-permalink=\"https:\/\/langosco.it\/?attachment_id=69\" data-orig-file=\"https:\/\/i0.wp.com\/langosco.it\/wp-content\/uploads\/2015\/10\/stemma-langosco-di1-thumb.png?fit=105%2C120&amp;ssl=1\" data-orig-size=\"105,120\" data-comments-opened=\"1\" data-image-meta=\"{&quot;aperture&quot;:&quot;0&quot;,&quot;credit&quot;:&quot;&quot;,&quot;camera&quot;:&quot;&quot;,&quot;caption&quot;:&quot;&quot;,&quot;created_timestamp&quot;:&quot;0&quot;,&quot;copyright&quot;:&quot;&quot;,&quot;focal_length&quot;:&quot;0&quot;,&quot;iso&quot;:&quot;0&quot;,&quot;shutter_speed&quot;:&quot;0&quot;,&quot;title&quot;:&quot;&quot;,&quot;orientation&quot;:&quot;0&quot;}\" data-image-title=\"stemma-langosco-di1-thumb\" data-image-description=\"\" data-image-caption=\"\" data-medium-file=\"https:\/\/i0.wp.com\/langosco.it\/wp-content\/uploads\/2015\/10\/stemma-langosco-di1-thumb.png?fit=105%2C120&amp;ssl=1\" data-large-file=\"https:\/\/i0.wp.com\/langosco.it\/wp-content\/uploads\/2015\/10\/stemma-langosco-di1-thumb.png?fit=105%2C120&amp;ssl=1\" class=\"alignnone wp-image-69\" src=\"https:\/\/i0.wp.com\/langosco.it\/wp-content\/uploads\/2015\/10\/stemma-langosco-di1-thumb.png?resize=10%2C11\" alt=\"stemma-langosco-di1-thumb\" width=\"10\" height=\"11\" data-recalc-dims=\"1\" \/> &#8212;&#8211;<\/p>\n<h4 class=\"section\">da Treccani: Dizionario Biografico degli Italiani &#8211; Volume 63 (2004)<\/h4>\n<p>di <b>Giancarlo Andenna<\/b><\/p>\n<p><strong>LANGOSCO<\/strong>, <span class=\"sc\">Riccardo <\/span>di. &#8211; Figlio secondogenito di Rufino (II), conte palatino di Lomello, del ramo di Langosco, nacque probabilmente attorno al 1221; fu fratello minore di Goffredo.<\/p>\n<p>Non si conosce alcun documento relativo alla sua giovinezza e alla sua carriera politica e militare durante la prima maturit\u00e0 e pertanto si \u00e8 costretti a tralasciare questa parte della sua vita, che si svolse probabilmente prima al servizio di Federico II e poi dei gruppi ghibellini di Lombardia a fianco del fratello maggiore. Infatti alla morte di Goffredo di Langosco (1276) il L. si accord\u00f2 subito con l&#8217;arcivescovo Ottone Visconti, che era divenuto il vero capo della <em>pars extrinseca<\/em> di Milano, per guidare il piccolo esercito dei fuorusciti milanesi e dei cavalieri spagnoli inviati dal re Alfonso X di Castiglia contro i Torriani. La fortuna in quel momento si mostrava favorevole alla causa del conte e dell&#8217;arcivescovo, poich\u00e9 anche Como pass\u00f2 prima della fine del 1276 nelle mani dei fuorusciti. I Torriani erano quindi circondati dagli avversari, poich\u00e9 Pavia, Vercelli, Novara, Como, la Valtellina e l&#8217;Ossola aderivano ai Visconti e ai gruppi legati al Langosco. L&#8217;arcivescovo, che si era rifugiato a Giornico in Val Leventina, si trasfer\u00ec nel dicembre a Cannobio sul lago Maggiore e, unitosi a Simone da Locarno e al L., costitu\u00ec una flotta per navigare il lago sino ad Arona, ove lo raggiunsero i cavalieri inviati dal marchese Guglielmo VII di Monferrato e dalle citt\u00e0 di Torino, Asti, Vercelli, Novara, Ivrea. La rocca di Arona, ben guardata dai Torriani, fu assediata dal lago e da terra, a opera dei cavalieri guidati dal L., che desiderava vendicare la morte del fratello.<\/p>\n<p>Ottone Visconti non ebbe per\u00f2 fortuna, poich\u00e9 gli aiuti militari sopraggiunti da Milano liberarono il castello dall&#8217;assedio; l&#8217;arcivescovo si rifugi\u00f2 con Simone da Locarno e il L. a Como, ove i tre riorganizzarono le loro milizie. Nei primi giorni del 1277, si svolse un grande raduno di fuorusciti milanesi e di ghibellini a Vercelli, ove il L. fu nominato capitano delle armate degli estrinseci. Inizi\u00f2 subito la guerra in territorio comasco e furono occupati i centri di Civate e Lecco; poi l&#8217;esercito del L. conquist\u00f2 i castelli di Seregno e Carate Brianza, mentre Napoleone Della Torre, il 20 gennaio, occup\u00f2 Desio. Nella notte il L., con l&#8217;aiuto di alcuni traditori, penetr\u00f2 nel forte borgo milanese e sorprese nel sonno i nemici. Francesco Della Torre cadde combattendo, ma Napoleone, suo figlio Mosca, Guido, Lombardo e altri furono presi prigionieri e affidati ai Comaschi, che li rinchiusero nella torre del Baradello. Il L. aveva conseguito la vittoria durante le prime ore dell&#8217;alba del 21 gennaio, giorno della ricorrenza della celebrazione liturgica di S. Agnese, che da allora divenne festa solenne per Milano.<\/p>\n<p>Stefanardo da Vimercate narra che il L. avrebbe voluto vendicare la morte del fratello Goffredo uccidendo Napoleone mentre si arrendeva all&#8217;arcivescovo e che Ottone Visconti si sarebbe intromesso, impedendogli di compiere l&#8217;atto criminale. Questo particolare, che mira a esaltare la piet\u00e0 e la misericordia dell&#8217;arcivescovo, fu successivamente rappresentato nella sala d&#8217;armi della rocca di Angera, nel grande affresco che mostra Napoleone inginocchiato dinanzi a Ottone a cavallo, il quale con un cenno della mano benedicente ferma il braccio armato di un <em>miles<\/em> visconteo, che vorrebbe colpire l&#8217;avversario ormai prigioniero.<\/p>\n<p>La mattina del 22 gennaio Ottone Visconti e il L. entrarono trionfalmente in Milano alla testa dei nobili; il L. fu subito eletto podest\u00e0 della citt\u00e0, mentre Simone da Locarno fu nominato capitano del Popolo e Guglielmo da Pusterla podest\u00e0 dei mercanti. Assunta la podesteria, il L. nomin\u00f2 immediatamente tre giudici per risolvere le cause civili, Ardizone Nano, Ansaldo di Aviano e Giacomo Pastorino, e un giudice <em>ad malleficia inquirenda<\/em>, Salimbene Ranzano. Essi svolsero il loro lavoro amministrativo in stretto rapporto con il podest\u00e0, secondo quanto attestano pochi documenti dell&#8217;ente politico milanese.<\/p>\n<p>Tuttavia egli era presente a Milano nel palazzo nuovo del Comune il 12 giugno 1277 per ricevere da Lanfranco da Besozzo, procuratore del monastero femminile di S. Vittore di Meda, una dichiarazione con la quale si documentava che le terre possedute da Carnelevario Della Torre, fratello di Napoleone, nella localit\u00e0 di Nobile, erano un tempo, con precisione prima della rotta di Desio, di propriet\u00e0 del cenobio, a cui erano state sottratte con la forza e trattenute <em>contra Deum et iustitiam<\/em> da Carnelevario. Il procuratore aveva fatto stimare da due monaci umiliati, ufficiali del Comune di Milano, il valore dei frutti goduti dal nobile milanese e richiedeva che essi fossero consegnati alle monache di Meda e non trattenuti dai vincitori, che dopo la battaglia di Desio li avevano sequestrati. La questione, che vedeva il cenobio di Meda contrapporsi al Comune di Milano e ai Comuni rurali vicini, i quali avevano trattenuto le terre sequestrate agli sconfitti Torriani, si concluse solo nel 1281 con la restituzione al monastero dei suoi beni. Un problema simile si present\u00f2 nel novembre dello stesso anno e per risolverlo il L. ordin\u00f2 che si riunisse nel palazzo nuovo del Comune di Milano il Consiglio degli Ottocento e dei consoli dei Capitanei, dei Valvassori, della Motta e della Credenza. Tuttavia egli non prese parte alla riunione, in cui il suo assessore Ardizzone Nano decise che il Comune di Milano avrebbe dovuto ricevere dalla badessa del monastero del Bocchetto 1471 lire di terzuoli, che ella aveva incassato da Napoleone Della Torre, il quale l&#8217;aveva costretta a vendere un podere posto nella campagna milanese. Poich\u00e9 l&#8217;immobile era stato riconsegnato alle monache, il L. in qualit\u00e0 di podest\u00e0 richiedeva la restituzione del capitale, che durante la causa era stato depositato presso gli umiliati milanesi di S. Calimero. Inoltre il 9 sett. 1277 il L. ebbe la presidenza di un&#8217;importante riunione del Consiglio degli Ottocento, a cui parteciparono anche il capitano del Popolo Simone da Locarno e l&#8217;arcivescovo Ottone Visconti. In quella seduta furono eletti dodici giurisperiti con il compito di emendare e correggere gli statuti del Comune e con la facolt\u00e0 di proporne dei nuovi, di aggiungere, di diminuire e di cambiare tutto ci\u00f2 che a loro fosse sembrato opportuno e utile, a vantaggio del bene pubblico.<\/p>\n<p>Infine il 14 dic. 1277 il L. accolse una supplica presentata dalle comunit\u00e0 di Erba e di Orsenigo, che volevano rinvigorire gli antichi precetti loro concessi dai consoli di Milano a ricompensa del loro valoroso comportamento durante la battaglia di Carcano contro Federico Barbarossa. Egli stabil\u00ec che le due comunit\u00e0 non fossero molestate da ufficiali del Comune di Milano per la loro esenzione dalle imposte sul grano e sui carriaggi e da ogni altro onere, come stabiliva il precetto imperiale.<\/p>\n<p>Il L. oper\u00f2 in pieno accordo con l&#8217;arcivescovo per modificare la legislazione precedente e per ristabilire l&#8217;ordine giuridico e sociale turbato dai lunghi anni di guerra civile nella citt\u00e0 di Milano, soprattutto a vantaggio degli enti ecclesiastici che avevano subito soprusi dai Torriani.<\/p>\n<p>Rientrato a Pavia, dovette subire la dominazione del marchese di Monferrato Guglielmo VII che, alla fine di luglio 1278, era alla guida della citt\u00e0 con il titolo di capitano e difensore del Comune pavese, valido per cinque anni. Egli aveva imposto una tregua nelle lotte tra i Langosco, i Petra, i Bottigella e gli Zazzo da una parte e i Beccaria dall&#8217;altra per il controllo della vita politica della citt\u00e0. Nel marzo 1288, in un momento di crisi del potere del marchese, in citt\u00e0 ripresero le lotte tra i due partiti dei Fallabrini, in cui militavano i Langosco e i Bottigella, e dei Marcabotti, capitanati dai Beccaria.<\/p>\n<p>Durante gli scontri, il 12 marzo 1288, il L. mor\u00ec, lasciando due figli, Filippone, che in seguito ai disordini fu espulso dalla citt\u00e0 e che pi\u00f9 tardi divenne signore di Pavia, e Guido, che fu vescovo di Pavia dal 1295 al 1311.<\/p>\n<p><span class=\"sc\">Fonti e Bibl<\/span>.: Stefanardus de Vicomercato, <em>Liber de gestis in civitate Mediolani<\/em>, a cura di G. Calligaris, in <em>Rer. Ital. Script.<\/em>, 2<sup>a<\/sup> ed., IX, 1, pp. 78-91; <em>Annales Placentini gibellini<\/em>, a cura di G.H. Pertz, in <em>Mon. Germ. Hist.<\/em>, <em>Scriptores<\/em>, XVIII, Hannoverae 1863, pp. 565 s.; <em>Historia diplomatica Friderici II<\/em>, a cura di J.-L.-A. Huillard-Br\u00e9holles, I, 2, Parisiis 1852, pp. 595 s.; <em>Chronicon de rebus in Italia gestis<\/em>, a cura di J.-L.-A. Huillard-Br\u00e9holles, Parisiis 1856, pp. 358-360;<em> Gli atti del Comune di Milano nel secolo XIII<\/em>, III,<em> (1277-1300)<\/em>, a cura di M.F. Baroni, Alessandria 1992, pp. 34 n. 37, 40 n. 40, 45-49 nn. 54 s.; IV, <em>Appendice (1176-secolo XIII)<\/em>, a cura di M.F. Baroni, ibid. 1997, p. 235 n. 263; G. Giulini, <em>Memorie spettanti alla storia, al governo ed alla descrizione della citt\u00e0 e campagna di Milano nei secoli bassi<\/em>, Milano 1850-57, IV, pp. 635-638; VIII, p. 680; C. Brambilla, <em>Due documenti pavesi dell&#8217;anno 1289<\/em>, in <em>Arch. stor. lombardo<\/em>, XVI (1889), pp. 911, 913, 915; G. Vidari, <em>Frammenti cronistorici dell&#8217;Agro Ticinense<\/em>, Pavia 1891, I, pp. 462, 466; C. Beltrami, <em>Angera e la sua rocca. Arona e le sue memorie d&#8217;arte<\/em>, Milano 1904, pp. 15 s.; G. Biscaro, <em>I conti di Lomello<\/em>, in <em>Arch. stor. lombardo<\/em>, XXXIII (1906), 2, p. 382; Id., <em>La battaglia di Carcano e i privilegi concessi dal Comune di Milano agli abitanti<\/em>, <em>ibid.<\/em>, XXXVI (1909), 1, p. 312; G. Bascap\u00e8,<em> I conti palatini del Regno italico e la citt\u00e0 di Pavia dal Comune alla Signoria<\/em>, <em>ibid.<\/em>, LXII (1935), pp. 350 s.; G. Franceschini, <em>La vita sociale e politica nel Duecento<\/em>, in <em>Storia di Milano<\/em>, IV, <em>Dalle lotte contro il Barbarossa al primo signore (1152-1310)<\/em>, Milano 1954, pp. 328-330; L. Castelfranchi Vegas, <em>Gli affreschi della rocca di Angera: problemi iconografici e cronologici<\/em>, in &#8220;<em>Fabularum patria&#8221;. Angera e il suo territorio nel Medioevo. Atti del Convegno, Rocca di Angera\u2026 1986<\/em>, Bologna 1988, p. 91; M. Fossati &#8211; A. Ceresatto, <em>La Lombardia alla ricerca di uno Stato<\/em>, in <em>Storia d&#8217;Italia <\/em>(UTET), VI,<em> Comuni e signorie nell&#8217;Italia settentrionale: la Lombardia<\/em>, a cura di G. Andenna <em>et al<\/em>., Torino 1998, pp. 498 s., 689.<\/p>\n","protected":false},"excerpt":{"rendered":"<p>Riccardo riusc\u00ec ad impossessarsi di Milano, ne fu podest\u00e0 nel 1276-78 e mor\u00ec nel 1288. Padre di Filippone. &#8212;&#8211; &#8212;&#8211; da Treccani: Dizionario Biografico degli Italiani &#8211; Volume 63 (2004) di Giancarlo Andenna LANGOSCO, Riccardo di. &#8211; Figlio secondogenito di Rufino (II), conte palatino di Lomello, del ramo di Langosco, nacque probabilmente attorno al 1221; fu fratello minore di Goffredo. Non si conosce alcun documento relativo alla sua giovinezza e&hellip; <\/p>\n","protected":false},"author":1,"featured_media":0,"parent":0,"menu_order":0,"comment_status":"closed","ping_status":"closed","template":"layouts\/page-fullwidth.php","meta":{"jetpack_post_was_ever_published":false,"footnotes":""},"class_list":["post-932","page","type-page","status-publish","hentry"],"jetpack_sharing_enabled":true,"jetpack_shortlink":"https:\/\/wp.me\/P6ZQY0-f2","jetpack-related-posts":[{"id":272,"url":"https:\/\/langosco.it\/?page_id=272","url_meta":{"origin":932,"position":0},"title":"Nota: Luigi Riccardo Felice","date":"Novembre 4, 2015","format":false,"excerpt":"Luigi Riccardo Felice. Primogenito. Nacque a Genova (in casa Serra, strada della Pace) il 7 ottobre 1841 e fu battezzato nella chiesa della Consolazione il 21 ottobre. Allievo della scuola di marina a Genova, fu poi guardiamarina e nel 1861 sottotenente di vascello. Capitano di fregata, prese parte agli assedi\u2026","rel":"","context":"Articolo simile","img":{"alt_text":"","src":"","width":0,"height":0},"classes":[]},{"id":822,"url":"https:\/\/langosco.it\/?page_id=822","url_meta":{"origin":932,"position":1},"title":"Nota: Vittorio Riccardo Enrico","date":"Gennaio 11, 2016","format":false,"excerpt":"Vittorio Riccardo Enrico. (Bibliografia 10 - pag. 3.) Nato a Milano il 18 giugno 1889. Durante la grande guerra 1915-1918 fu tenente effettivo nei cavalleggeri Roma, comandante di una sezione mitraglieri e cadde il 4 agosto 1915 a Bosco Cappuccio (Carso), colpito in fronte da palla nemica. Gli furono assegnate\u2026","rel":"","context":"Articolo simile","img":{"alt_text":"","src":"https:\/\/i0.wp.com\/langosco.it\/wp-content\/uploads\/2016\/01\/Vittorio-Langosco-221x300.jpg?resize=350%2C200","width":350,"height":200},"classes":[]},{"id":564,"url":"https:\/\/langosco.it\/?page_id=564","url_meta":{"origin":932,"position":2},"title":"Sintesi Storica &#8211; Sec. XI-XIV","date":"Gennaio 8, 2016","format":false,"excerpt":"Sul finire del X sec. la genealogia si fa un po\u2019 pi\u00f9 chiara e troviamo due fratelli, figli molto probabilmente del \"judex domni regis\" indicato come Pietro (ii) nella ricostruzione della prof. Dragoni. Essi sono: \u201cCunibertus iudex domni regis\u201d che figura in vari atti dal 967 al 999. Questo personaggio\u2026","rel":"","context":"Articolo simile","img":{"alt_text":"","src":"https:\/\/i0.wp.com\/langosco.it\/wp-content\/uploads\/2016\/01\/Ottone-III-coronazione-249x300.jpg?resize=350%2C200","width":350,"height":200},"classes":[]},{"id":1329,"url":"https:\/\/langosco.it\/?page_id=1329","url_meta":{"origin":932,"position":3},"title":"XI to XIV centuries","date":"Marzo 25, 2016","format":false,"excerpt":"Sul finire del X sec. la genealogia si fa un po\u2019 pi\u00f9 chiara e troviamo due fratelli, figli molto probabilmente del \"judex domni regis\" indicato come Pietro (ii) nella ricostruzione della prof. Dragoni. Essi sono: \u201cCunibertus iudex domni regis\u201d che figura in vari atti dal 967 al 999. Questo personaggio\u2026","rel":"","context":"Articolo simile","img":{"alt_text":"","src":"https:\/\/i0.wp.com\/langosco.it\/wp-content\/uploads\/2016\/01\/Ottone-III-coronazione-249x300.jpg?resize=350%2C200","width":350,"height":200},"classes":[]},{"id":267,"url":"https:\/\/langosco.it\/?page_id=267","url_meta":{"origin":932,"position":4},"title":"Nota: Riccardo Felice","date":"Novembre 2, 2015","format":false,"excerpt":"Riccardo Felice. Nato il 2 agosto 1814. Secondogenito. Fu allievo dell'accademia militare, poi ufficiale di fanteria. Mentre trovavasi di guarnigione a Nizza (marittima) nel 1839, si fidanz\u00f2 con la donna che divenne poi sua moglie [l'anno successivo]. [Che fece nel '48 \u2013 '49 ?] Raggiunse nel 1858 il grado di\u2026","rel":"","context":"Articolo simile","img":{"alt_text":"","src":"","width":0,"height":0},"classes":[]},{"id":148,"url":"https:\/\/langosco.it\/?page_id=148","url_meta":{"origin":932,"position":5},"title":"Documenti","date":"Ottobre 25, 2015","format":false,"excerpt":"Genealogie: geneal.sec. 14\u00b0, 20\u00b0 geneal.sec. 12\u00b0, 13\u00b0 geneal.sec. 9\u00b0, 10\u00b0, 11\u00b0 docum.sec. 12\u00b0, 13\u00b0, 14\u00b0 docum.sec. 15\u00b0 docum.sec. 9\u00b0, 10\u00b0, 11\u00b0 Doc vari: Conte palatino Via Romea e Lomello Carolingi geneal Bibliografia sec. 10\u00b0, confronto vite Sintesi Bibl. 17 parentele Mocchia Scheda Annuario Nob. Ital. sec. 9\u00b0 - 10\u00b0 -\u2026","rel":"","context":"Articolo simile","img":{"alt_text":"","src":"","width":0,"height":0},"classes":[]}],"_links":{"self":[{"href":"https:\/\/langosco.it\/index.php?rest_route=\/wp\/v2\/pages\/932","targetHints":{"allow":["GET"]}}],"collection":[{"href":"https:\/\/langosco.it\/index.php?rest_route=\/wp\/v2\/pages"}],"about":[{"href":"https:\/\/langosco.it\/index.php?rest_route=\/wp\/v2\/types\/page"}],"author":[{"embeddable":true,"href":"https:\/\/langosco.it\/index.php?rest_route=\/wp\/v2\/users\/1"}],"replies":[{"embeddable":true,"href":"https:\/\/langosco.it\/index.php?rest_route=%2Fwp%2Fv2%2Fcomments&post=932"}],"version-history":[{"count":7,"href":"https:\/\/langosco.it\/index.php?rest_route=\/wp\/v2\/pages\/932\/revisions"}],"predecessor-version":[{"id":940,"href":"https:\/\/langosco.it\/index.php?rest_route=\/wp\/v2\/pages\/932\/revisions\/940"}],"wp:attachment":[{"href":"https:\/\/langosco.it\/index.php?rest_route=%2Fwp%2Fv2%2Fmedia&parent=932"}],"curies":[{"name":"wp","href":"https:\/\/api.w.org\/{rel}","templated":true}]}}