{"id":564,"date":"2016-01-08T00:03:15","date_gmt":"2016-01-07T23:03:15","guid":{"rendered":"http:\/\/langosco.it\/?page_id=564"},"modified":"2016-01-15T14:27:44","modified_gmt":"2016-01-15T13:27:44","slug":"sintesi-storica-parte-2-2","status":"publish","type":"page","link":"https:\/\/langosco.it\/?page_id=564","title":{"rendered":"Sintesi Storica &#8211; Sec. XI-XIV"},"content":{"rendered":"<p>Sul finire del X sec. la genealogia si fa un po\u2019 pi\u00f9 chiara e troviamo due fratelli, figli molto probabilmente del &#8220;judex domni regis&#8221; indicato come Pietro (ii) nella ricostruzione della prof. Dragoni. Essi sono:<\/p>\n<ul>\n<li>\u201cCunibertus iudex domni regis\u201d che figura in vari atti dal 967 al 999. Questo personaggio fu<em> il primo a ricoprire la carica di conte di Lomello per nomina nel 996 dell&#8217;<a href=\"https:\/\/it.wikipedia.org\/wiki\/Ottone_II_di_Sassonia\" target=\"_blank\">Imperatore Ottone II<\/a>.<\/em><\/li>\n<li>Pietro, diacono nel 967, poi vescovo di Como dal 981 al 1004 (III del nome) e arcicancelliere imperiale sotto Ottone II, <a href=\"https:\/\/it.wikipedia.org\/wiki\/Ottone_III_di_Sassonia\" target=\"_blank\">Ottone III<\/a> e <a href=\"https:\/\/it.wikipedia.org\/wiki\/Arduino_d'Ivrea\" target=\"_blank\">Arduino d\u2019Ivrea<\/a> (atti dal 980 al 1005).<\/li>\n<\/ul>\n<figure id=\"attachment_1117\" aria-describedby=\"caption-attachment-1117\" style=\"width: 249px\" class=\"wp-caption alignleft\"><img loading=\"lazy\" decoding=\"async\" data-attachment-id=\"1117\" data-permalink=\"https:\/\/langosco.it\/?attachment_id=1117\" data-orig-file=\"https:\/\/i0.wp.com\/langosco.it\/wp-content\/uploads\/2016\/01\/Ottone-III-coronazione.jpg?fit=450%2C542&amp;ssl=1\" data-orig-size=\"450,542\" data-comments-opened=\"1\" data-image-meta=\"{&quot;aperture&quot;:&quot;0&quot;,&quot;credit&quot;:&quot;&quot;,&quot;camera&quot;:&quot;&quot;,&quot;caption&quot;:&quot;&quot;,&quot;created_timestamp&quot;:&quot;0&quot;,&quot;copyright&quot;:&quot;&quot;,&quot;focal_length&quot;:&quot;0&quot;,&quot;iso&quot;:&quot;0&quot;,&quot;shutter_speed&quot;:&quot;0&quot;,&quot;title&quot;:&quot;&quot;,&quot;orientation&quot;:&quot;0&quot;}\" data-image-title=\"Ottone III &amp;#8211; coronazione\" data-image-description=\"\" data-image-caption=\"\" data-medium-file=\"https:\/\/i0.wp.com\/langosco.it\/wp-content\/uploads\/2016\/01\/Ottone-III-coronazione.jpg?fit=249%2C300&amp;ssl=1\" data-large-file=\"https:\/\/i0.wp.com\/langosco.it\/wp-content\/uploads\/2016\/01\/Ottone-III-coronazione.jpg?fit=450%2C542&amp;ssl=1\" class=\"wp-image-1117 size-medium\" src=\"https:\/\/i0.wp.com\/langosco.it\/wp-content\/uploads\/2016\/01\/Ottone-III-coronazione-249x300.jpg?resize=249%2C300\" alt=\"Ottone III - coronazione\" width=\"249\" height=\"300\" srcset=\"https:\/\/i0.wp.com\/langosco.it\/wp-content\/uploads\/2016\/01\/Ottone-III-coronazione.jpg?resize=249%2C300&amp;ssl=1 249w, https:\/\/i0.wp.com\/langosco.it\/wp-content\/uploads\/2016\/01\/Ottone-III-coronazione.jpg?resize=125%2C150&amp;ssl=1 125w, https:\/\/i0.wp.com\/langosco.it\/wp-content\/uploads\/2016\/01\/Ottone-III-coronazione.jpg?w=450&amp;ssl=1 450w\" sizes=\"auto, (max-width: 249px) 100vw, 249px\" data-recalc-dims=\"1\" \/><figcaption id=\"caption-attachment-1117\" class=\"wp-caption-text\">Coronazione di Ottone III<\/figcaption><\/figure>\n<p><strong><span style=\"text-decoration: underline;\">I co<\/span><\/strong><strong><span style=\"text-decoration: underline;\">nti palatini<\/span><\/strong><\/p>\n<p><em>Tra i figli di Cuniberto si distingue<\/em> <a href=\"http:\/\/langosco.it\/?page_id=850\">Ottone (i)<\/a> (atti dal 999 al 1025), nominato nel dicembre del 999 conte di Pavia e <strong>conte di Palazzo<\/strong> da Ottone III imperatore ed erede dal padre del titolo di conte di Lomello; e che, come protospatario imperiale, fu presente nel 1000 con Ottone III ad Aquisgrana alla ricognizione del sarcofago di Carlomagno.<\/p>\n<div class=\"su-quote su-quote-style-default su-quote-has-cite\"><div class=\"su-quote-inner su-u-clearfix su-u-trim\">Il L. [Ottone di Lomello] eredit\u00f2 dal padre il titolo di conte di Lomello e presto vi un\u00ec, per volere di Ottone III, anche i titoli di conte di Pavia e di conte palatino. In questo modo l&#8217;imperatore, animato probabilmente dal desiderio di arginare attraverso un influente rivale la potenza della casata degli Obertenghi, riunific\u00f2 all&#8217;inizio dell&#8217;XI secolo in una sola persona le contee di Lomello e Pavia, facendo del L. una delle figure pi\u00f9 influenti gravitanti attorno alla sua corte. Il titolo onorifico di protospatarius (conte di palazzo) con il quale, attingendo dalla nomenclatura bizantina, veniva qualificato il L., dimostra la posizione di prestigio di cui egli godeva alla corte imperiale.<span class=\"su-quote-cite\"><a href=\"http:\/\/www.treccani.it\/enciclopedia\/ottone-di-lomello_%28Dizionario_Biografico%29\/\" target=\"_blank\">S. Menzinger<\/a><\/span><\/div><\/div>\n<p>Dopo i disordini del 1004 e del 1024 contro Enrico II, i palatini presero stabile dimora a Lomello.<\/p>\n<p>Seguono, tra i principali: Guido (atti tra il 1112 e il 1133) e, forse, &#8220;Godefridus palatinus comes&#8221; compreso nel bando di scomunica contro l&#8217;imperatore Enrico V emanato da papa Callisto II nel 1119, come pure <a href=\"http:\/\/langosco.it\/?page_id=315\">Gandolfo da Lomello<\/a> capostipide della famiglia Lomellini venuto a Genova nel 1102, quindi sposato alla figlia di Guglielmo Embriachi e poi stabilitosi a Pegli. Questo ramo divenne importante nella storia di Genova, ebbe tra l&#8217;altro vari dogi e tra i suoi membri va molto probabilmente annoverato quell&#8217;Angelo Giovanni Lomellino, podest\u00e0 di Pera (fondaco dei genovesi) durante l&#8217;assedio e la presa di Costantinopoli da parte di Maometto II (1453).<\/p>\n<figure id=\"attachment_1122\" aria-describedby=\"caption-attachment-1122\" style=\"width: 300px\" class=\"wp-caption alignright\"><a href=\"https:\/\/arcart86.wordpress.com\/2015\/09\/22\/battaglia-di-legnano\/\" target=\"_blank\"><img loading=\"lazy\" decoding=\"async\" data-attachment-id=\"1122\" data-permalink=\"https:\/\/langosco.it\/?attachment_id=1122\" data-orig-file=\"https:\/\/i0.wp.com\/langosco.it\/wp-content\/uploads\/2016\/01\/Battaglia-di-Legnano-Corradini.jpg?fit=2822%2C2000&amp;ssl=1\" data-orig-size=\"2822,2000\" data-comments-opened=\"1\" data-image-meta=\"{&quot;aperture&quot;:&quot;4.2&quot;,&quot;credit&quot;:&quot;&quot;,&quot;camera&quot;:&quot;COOLPIX S3600&quot;,&quot;caption&quot;:&quot;&quot;,&quot;created_timestamp&quot;:&quot;1442957312&quot;,&quot;copyright&quot;:&quot;&quot;,&quot;focal_length&quot;:&quot;6&quot;,&quot;iso&quot;:&quot;800&quot;,&quot;shutter_speed&quot;:&quot;0.2&quot;,&quot;title&quot;:&quot;&quot;,&quot;orientation&quot;:&quot;1&quot;}\" data-image-title=\"Battaglia di Legnano &amp;#8211; Corradini\" data-image-description=\"\" data-image-caption=\"&lt;p&gt;di Andrea Corradini&lt;\/p&gt;\n\" data-medium-file=\"https:\/\/i0.wp.com\/langosco.it\/wp-content\/uploads\/2016\/01\/Battaglia-di-Legnano-Corradini.jpg?fit=300%2C213&amp;ssl=1\" data-large-file=\"https:\/\/i0.wp.com\/langosco.it\/wp-content\/uploads\/2016\/01\/Battaglia-di-Legnano-Corradini.jpg?fit=677%2C480&amp;ssl=1\" class=\"wp-image-1122 size-medium\" src=\"https:\/\/i0.wp.com\/langosco.it\/wp-content\/uploads\/2016\/01\/Battaglia-di-Legnano-Corradini-300x213.jpg?resize=300%2C213\" alt=\"di Andrea Corradini\" width=\"300\" height=\"213\" srcset=\"https:\/\/i0.wp.com\/langosco.it\/wp-content\/uploads\/2016\/01\/Battaglia-di-Legnano-Corradini.jpg?resize=300%2C213&amp;ssl=1 300w, https:\/\/i0.wp.com\/langosco.it\/wp-content\/uploads\/2016\/01\/Battaglia-di-Legnano-Corradini.jpg?resize=150%2C106&amp;ssl=1 150w, https:\/\/i0.wp.com\/langosco.it\/wp-content\/uploads\/2016\/01\/Battaglia-di-Legnano-Corradini.jpg?resize=1024%2C726&amp;ssl=1 1024w, https:\/\/i0.wp.com\/langosco.it\/wp-content\/uploads\/2016\/01\/Battaglia-di-Legnano-Corradini.jpg?w=1354&amp;ssl=1 1354w, https:\/\/i0.wp.com\/langosco.it\/wp-content\/uploads\/2016\/01\/Battaglia-di-Legnano-Corradini.jpg?w=2031&amp;ssl=1 2031w\" sizes=\"auto, (max-width: 300px) 100vw, 300px\" data-recalc-dims=\"1\" \/><\/a><figcaption id=\"caption-attachment-1122\" class=\"wp-caption-text\">La Battaglia di Legnano di Andrea Corradini<\/figcaption><\/figure>\n<p>Intorno al 1137 il comune di Pavia riusc\u00ec ad espugnare Lomello, obbligando i conti a risiedere in Pavia. Di poco dopo sono Guidone ed i fratelli Ruffino e Guiffredo che combatterono a fianco del Barbarossa; di Guiffredo si racconta che salv\u00f2 il Barbarossa durante la <a href=\"https:\/\/it.wikipedia.org\/wiki\/Battaglia_di_Legnano\" target=\"_blank\">battaglia di Legnano<\/a> cedendogli il suo cavallo. Costoro risultano compresi nel diploma imperiale del 1164 confermante i loro vari titoli e propriet\u00e0, d&#8217;altra parte il Barbarossa con altro diploma dello stesso anno riduceva i loro poteri attribuendoli al comune di Pavia.<\/p>\n<p>Il successivo (1174) atto di spartizione tra i fratelli, segna anche l\u2019inizio dei rami che risedettero a Langosco, a Sparvara ed a Piacenza (vedi genealogia).<\/p>\n<p>Nel XIII sec. si hanno parecchi personaggi notevoli: vescovi, podest\u00e0 di numerose citt\u00e0 e capitani della consorteria ghibellina di Lombardia, tra questi ultimi i principali furono: <a href=\"http:\/\/langosco.it\/?page_id=928\">Gualfredo<\/a>, podest\u00e0 di Firenze, di Vercelli e di Milano, morto in battaglia ad Angera nel 1276, tentando di rimettere Ottone Visconti in possesso di Milano e <a href=\"http:\/\/langosco.it\/?page_id=932\">Riccardo<\/a> che riusc\u00ec ad impossessarsi di Milano, ne fu podest\u00e0 nel 1276-78 e mor\u00ec nel 1288.<\/p>\n<p>C\u2019\u00e8 poi Enrico (ii) (atti 1256-1284) conte di Sparvaria, che combatt\u00e9 con Manfredi e Corradino di Svevia contro gli Angi\u00f2 in Italia meridionale e fu da Manfredi compensato con la contea di Marsico.<\/p>\n<p>Sempre nel XIII sec., il ramo Langosco si divide in L. di Langosco (ramo principale), L. di Stroppiana e L. di Motta dei Conti.<\/p>\n<figure id=\"attachment_64\" aria-describedby=\"caption-attachment-64\" style=\"width: 188px\" class=\"wp-caption alignleft\"><img loading=\"lazy\" decoding=\"async\" data-attachment-id=\"64\" data-permalink=\"https:\/\/langosco.it\/?attachment_id=64\" data-orig-file=\"https:\/\/i0.wp.com\/langosco.it\/wp-content\/uploads\/2015\/10\/ricciardino-langosco-e1452710452252.jpg?fit=188%2C144&amp;ssl=1\" data-orig-size=\"188,144\" data-comments-opened=\"1\" data-image-meta=\"{&quot;aperture&quot;:&quot;0&quot;,&quot;credit&quot;:&quot;&quot;,&quot;camera&quot;:&quot;&quot;,&quot;caption&quot;:&quot;&quot;,&quot;created_timestamp&quot;:&quot;0&quot;,&quot;copyright&quot;:&quot;&quot;,&quot;focal_length&quot;:&quot;0&quot;,&quot;iso&quot;:&quot;0&quot;,&quot;shutter_speed&quot;:&quot;0&quot;,&quot;title&quot;:&quot;&quot;,&quot;orientation&quot;:&quot;0&quot;}\" data-image-title=\"ricciardino-langosco\" data-image-description=\"\" data-image-caption=\"&lt;p&gt;Morte di Riccardino di Pasquale Massacra&lt;\/p&gt;\n\" data-medium-file=\"https:\/\/i0.wp.com\/langosco.it\/wp-content\/uploads\/2015\/10\/ricciardino-langosco-e1452710452252.jpg?fit=300%2C230&amp;ssl=1\" data-large-file=\"https:\/\/i0.wp.com\/langosco.it\/wp-content\/uploads\/2015\/10\/ricciardino-langosco-e1452710452252.jpg?fit=188%2C144&amp;ssl=1\" class=\"size-full wp-image-64\" src=\"https:\/\/i0.wp.com\/langosco.it\/wp-content\/uploads\/2015\/10\/ricciardino-langosco-e1452710452252.jpg?resize=188%2C144\" alt=\"Morte di Riccardino\" width=\"188\" height=\"144\" data-recalc-dims=\"1\" \/><figcaption id=\"caption-attachment-64\" class=\"wp-caption-text\">Morte di Riccardino<\/figcaption><\/figure>\n<p>La figura principale in questo periodo fu <a href=\"http:\/\/langosco.it\/?page_id=200\">Filippone<\/a>, figlio di Riccardo, uno dei capi del partito ghibellino in Lombardia, che, con abile politica, sul finire del secolo, si fece signore di Pavia. Nel 1306 fu fatto prigioniero dai guelfi d\u2019Asti, che lo mandarono a Roberto d\u2019Angi\u00f2 re di Napoli e rimase sei mesi a Marsiglia. L\u2019imperatore Enrico VII conferm\u00f2 (1311) ai conti di Lomello l\u2019investitura dei loro feudi e privilegi, ma nel 1312 nomin\u00f2 suo vicario a Pavia Filippo di Savoja principe d\u2019Acaja che fece incarcerare Riccardino figlio di Filippone, in conseguenza quest\u2019ultimo, pass\u00f2 al partito guelfo, ritolse Pavia al principe d\u2019Acaja (gennaio 1312), poi la sottomise al re Roberto (nov. 1312) e si impadron\u00ec di Stroppiana (1313); poi, mentre tentava di ritogliere Piacenza a Galeazzo Visconti (figlio di Matteo), fu fatto prigioniero (agosto 1313). Il 7 lug. 1315 i Visconti riuscirono a prendere Pavia e Riccardino, figlio di Filippone, mor\u00ec combattendo. Filippone mor\u00ec, sempre prigioniero dei Visconti, prima del 1320. Durante la sua signoria Filippone dette impulso a parecchie opere di carattere socio-economico: ospedali, mense per i poveri, universit\u00e0 ecc. inoltre inizi\u00f2 gli studi e parzialmente l&#8217;esecuzione di quello che diventer\u00e0 poi il naviglio Langosco.<\/p>\n<p><em>Con la morte di Filippone e di suo figlio Riccardino la consorteria familiare dei Lomello \u2013 Langosco, che aveva goduto di tanto prestigio, si frantum\u00f3 ed ogni ramo prese strade separate indebolendone la compagine.<br \/>\nNei secoli seguenti ci furono naturalmente altri personaggi degni di nota, ma da allora essi cessarono di avere un determinante ruolo politico.<br \/>\n<\/em><\/p>\n<p style=\"text-align: center;\"><div class=\"su-row\"><div class=\"su-column su-column-size-1-2\"><div class=\"su-column-inner su-u-clearfix su-u-trim\">\n<p style=\"text-align: left;\">Precede:<\/p>\n<p style=\"text-align: left;\"><a href=\"http:\/\/langosco.it\/?page_id=329\">Primi secoli<\/a><\/p>\n<p style=\"text-align: center;\"><\/div><\/div><div class=\"su-column su-column-size-1-2\"><div class=\"su-column-inner su-u-clearfix su-u-trim\">\n<p style=\"text-align: right;\">Segue:<\/p>\n<p style=\"text-align: right;\"><a href=\"http:\/\/langosco.it\/?page_id=558\">Sec. XV in poi: i rami estinti<\/a><\/p>\n<p style=\"text-align: right;\"><a href=\"http:\/\/langosco.it\/?page_id=721\">Sec. XV in poi: il ramo principale<\/a><\/p>\n<p style=\"text-align: center;\"><\/div><\/div><\/div>\n","protected":false},"excerpt":{"rendered":"<p>Sul finire del X sec. la genealogia si fa un po\u2019 pi\u00f9 chiara e troviamo due fratelli, figli molto probabilmente del &#8220;judex domni regis&#8221; indicato come Pietro (ii) nella ricostruzione della prof. Dragoni. Essi sono: \u201cCunibertus iudex domni regis\u201d che figura in vari atti dal 967 al 999. Questo personaggio fu il primo a ricoprire la carica di conte di Lomello per nomina nel 996 dell&#8217;Imperatore Ottone II. Pietro, diacono&hellip; <\/p>\n","protected":false},"author":1,"featured_media":64,"parent":97,"menu_order":0,"comment_status":"closed","ping_status":"closed","template":"layouts\/page-fullwidth.php","meta":{"jetpack_post_was_ever_published":false,"footnotes":""},"class_list":["post-564","page","type-page","status-publish","has-post-thumbnail","hentry"],"jetpack_sharing_enabled":true,"jetpack_shortlink":"https:\/\/wp.me\/P6ZQY0-96","jetpack-related-posts":[{"id":1329,"url":"https:\/\/langosco.it\/?page_id=1329","url_meta":{"origin":564,"position":0},"title":"XI to XIV centuries","date":"Marzo 25, 2016","format":false,"excerpt":"Sul finire del X sec. la genealogia si fa un po\u2019 pi\u00f9 chiara e troviamo due fratelli, figli molto probabilmente del \"judex domni regis\" indicato come Pietro (ii) nella ricostruzione della prof. Dragoni. Essi sono: \u201cCunibertus iudex domni regis\u201d che figura in vari atti dal 967 al 999. Questo personaggio\u2026","rel":"","context":"Articolo simile","img":{"alt_text":"","src":"https:\/\/i0.wp.com\/langosco.it\/wp-content\/uploads\/2016\/01\/Ottone-III-coronazione-249x300.jpg?resize=350%2C200","width":350,"height":200},"classes":[]},{"id":329,"url":"https:\/\/langosco.it\/?page_id=329","url_meta":{"origin":564,"position":1},"title":"Sintesi Storica dal sec IX al X &#8211; Primi Secoli","date":"Novembre 23, 2015","format":false,"excerpt":"Vari studi del secolo scorso hanno evidenziato come la famiglia dei Langosco tragga origine da una linea di giudici reali ed imperiali d\u2019origine longobarda, presente in Pavia nei sec. IX e X ed avente stretti rapporti con l\u2019abazia di Nonantola (wikipedia). La genealogia dei conti Lomello-Langosco messa a punto da\u2026","rel":"","context":"Articolo simile","img":{"alt_text":"","src":"https:\/\/i0.wp.com\/langosco.it\/wp-content\/uploads\/2015\/12\/Nonantola3-demi-300x200.jpg?resize=350%2C200&ssl=1","width":350,"height":200},"classes":[]},{"id":850,"url":"https:\/\/langosco.it\/?page_id=850","url_meta":{"origin":564,"position":2},"title":"Nota: Ottone I di Lomello","date":"Gennaio 12, 2016","format":false,"excerpt":"Ottone: Tra i figli di Cuniberto si distingue Ottone (i) (atti dal 999 al 1025), nominato nel dicembre del 999 conte di Pavia e conte di Palazzo da Ottone III imperatore ed erede dal padre del titolo di conte di Lomello; e che, come protospatario imperiale, fu presente nel 1000\u2026","rel":"","context":"Articolo simile","img":{"alt_text":"","src":"","width":0,"height":0},"classes":[]},{"id":190,"url":"https:\/\/langosco.it\/?page_id=190","url_meta":{"origin":564,"position":3},"title":"Nota: Gaidulfus judex","date":"Ottobre 25, 2015","format":false,"excerpt":"In questa genealogia si avanza l'ipotesi che Gaidolfo non sia fratello di Cuniberto (ii) e di Pietro III vesc. di Como, ma sia fratello di Pietro (ii) e quindi sia figlio di Pietro (i) e ci\u00f2 a causa della grande differenza d'et\u00e0 tra Gaidolfo da un lato e Cuniberto e\u2026","rel":"","context":"Articolo simile","img":{"alt_text":"","src":"","width":0,"height":0},"classes":[]},{"id":932,"url":"https:\/\/langosco.it\/?page_id=932","url_meta":{"origin":564,"position":4},"title":"Nota: Riccardo","date":"Gennaio 12, 2016","format":false,"excerpt":"Riccardo riusc\u00ec ad impossessarsi di Milano, ne fu podest\u00e0 nel 1276-78 e mor\u00ec nel 1288. Padre di Filippone. ----- ----- da Treccani: Dizionario Biografico degli Italiani - Volume 63 (2004) di Giancarlo Andenna LANGOSCO, Riccardo di. - Figlio secondogenito di Rufino (II), conte palatino di Lomello, del ramo di Langosco,\u2026","rel":"","context":"Articolo simile","img":{"alt_text":"","src":"","width":0,"height":0},"classes":[]},{"id":765,"url":"https:\/\/langosco.it\/?page_id=765","url_meta":{"origin":564,"position":5},"title":"Nota: Liutvardo I","date":"Gennaio 11, 2016","format":false,"excerpt":"Liutvardo I: vescovo di Como dall\u2019888 al 905 (vissuto 840ca. +910ca.) che fu anche archicancellarius di Berengario I e di Ludovico III ----- ----- da Treccani: Dizionario Biografico degli Italiani - Volume 65 (2005) di Andrea Bedina LIUTVARDO (Liutardus, Lituardus, Liutoardus, Leotoardus). - Nel totale silenzio delle fonti riguardo all'infanzia\u2026","rel":"","context":"Articolo simile","img":{"alt_text":"","src":"","width":0,"height":0},"classes":[]}],"_links":{"self":[{"href":"https:\/\/langosco.it\/index.php?rest_route=\/wp\/v2\/pages\/564","targetHints":{"allow":["GET"]}}],"collection":[{"href":"https:\/\/langosco.it\/index.php?rest_route=\/wp\/v2\/pages"}],"about":[{"href":"https:\/\/langosco.it\/index.php?rest_route=\/wp\/v2\/types\/page"}],"author":[{"embeddable":true,"href":"https:\/\/langosco.it\/index.php?rest_route=\/wp\/v2\/users\/1"}],"replies":[{"embeddable":true,"href":"https:\/\/langosco.it\/index.php?rest_route=%2Fwp%2Fv2%2Fcomments&post=564"}],"version-history":[{"count":41,"href":"https:\/\/langosco.it\/index.php?rest_route=\/wp\/v2\/pages\/564\/revisions"}],"predecessor-version":[{"id":1128,"href":"https:\/\/langosco.it\/index.php?rest_route=\/wp\/v2\/pages\/564\/revisions\/1128"}],"up":[{"embeddable":true,"href":"https:\/\/langosco.it\/index.php?rest_route=\/wp\/v2\/pages\/97"}],"wp:featuredmedia":[{"embeddable":true,"href":"https:\/\/langosco.it\/index.php?rest_route=\/wp\/v2\/media\/64"}],"wp:attachment":[{"href":"https:\/\/langosco.it\/index.php?rest_route=%2Fwp%2Fv2%2Fmedia&parent=564"}],"curies":[{"name":"wp","href":"https:\/\/api.w.org\/{rel}","templated":true}]}}